{"id":5307,"date":"2025-12-04T10:55:57","date_gmt":"2025-12-04T09:55:57","guid":{"rendered":"https:\/\/my-easy-access.com\/?post_type=tribe_events&#038;p=5307"},"modified":"2025-12-04T11:03:49","modified_gmt":"2025-12-04T10:03:49","slug":"marseille-sillumine-un-noel-2025-entre-traditions-et-audace","status":"publish","type":"tribe_events","link":"https:\/\/my-easy-access.com\/?tribe_events=marseille-sillumine-un-noel-2025-entre-traditions-et-audace","title":{"rendered":"Marseille s\u2019illumine : un No\u00ebl 2025 entre traditions et audace"},"content":{"rendered":"<p><strong>Du Vieux-Port \u00e0 la Canebi\u00e8re, la cit\u00e9 phoc\u00e9enne se pare de mille feux pour c\u00e9l\u00e9brer No\u00ebl. Entre march\u00e9s artisanaux, foire aux santons et spectacles a\u00e9riens, Marseille promet une fin d\u2019ann\u00e9e magique, inclusive et solidaire.<\/strong><\/p>\n<p>\u00c0 Marseille, No\u00ebl n\u2019est pas qu\u2019une f\u00eate : c\u2019est une exp\u00e9rience sensorielle qui embrasse la mer et les collines. Le 29 novembre, la ville a donn\u00e9 le coup d\u2019envoi avec le lancement des illuminations et un mini-concert d\u2019Ana\u00efs Delva sur la place Bargemon. Les guirlandes vont scintillent chaque soir jusqu\u2019au <strong>4 janvier<\/strong>, tra\u00e7ant un chemin f\u00e9erique du Vieux-Port \u00e0 la Canebi\u00e8re.<\/p>\n<p>Le <strong>March\u00e9 de No\u00ebl<\/strong>, install\u00e9 en bas de la Canebi\u00e8re, accueille artisans et cr\u00e9ateurs<strong> jusqu&rsquo;au 4 janvier<\/strong>. Bijoux, confiseries, d\u00e9corations : un concentr\u00e9 de savoir-faire local \u00e0 savourer avec un verre de vin chaud. \u00c0 quelques pas, la <strong>Foire aux Santons<\/strong>\u00a0perp\u00e9tue la tradition proven\u00e7ale avec ses cr\u00e8ches miniatures et ateliers d\u2019initiation.<\/p>\n<p>Pour les familles, le <strong>Village des Enfants<\/strong> sur la place Bargemon et la <strong>piste de luge et patinoire<\/strong> au Vieux-Port (<strong>du 13 d\u00e9cembre au 4 janvier<\/strong>) promettent des moments ludiques. C\u00f4t\u00e9 spectacles, ne manquez pas <strong>ARIA<\/strong>, le ballet a\u00e9rien de la compagnie ZENIT, le <strong>13 d\u00e9cembre<\/strong>, et le show de drones suivi d\u2019un feu d\u2019artifice le <strong>20 d\u00e9cembre<\/strong>.<\/p>\n<p>Marseille mise aussi sur la solidarit\u00e9 : ventes de pompes \u00e0 l\u2019huile au profit d\u2019associations et animations dans les noyaux villageois pour rapprocher les quartiers. Une invitation \u00e0 conjuguer magie et partage.<\/p>\n<div id=\"attachment_5311\" style=\"width: 986px\" class=\"wp-caption aligncenter\"><img decoding=\"async\" aria-describedby=\"caption-attachment-5311\" class=\"wp-image-5311 size-full lazyload\" data-src=\"https:\/\/my-easy-access.com\/wp-content\/uploads\/2025\/12\/carte.png\" alt=\"carte Noel Marseillais\" width=\"976\" height=\"922\" data-srcset=\"https:\/\/my-easy-access.com\/wp-content\/uploads\/2025\/12\/carte.png 976w, https:\/\/my-easy-access.com\/wp-content\/uploads\/2025\/12\/carte-480x453.png 480w\" data-sizes=\"(min-width: 0px) and (max-width: 480px) 480px, (min-width: 481px) 976px, 100vw\" src=\"data:image\/svg+xml;base64,PHN2ZyB3aWR0aD0iMSIgaGVpZ2h0PSIxIiB4bWxucz0iaHR0cDovL3d3dy53My5vcmcvMjAwMC9zdmciPjwvc3ZnPg==\" style=\"--smush-placeholder-width: 976px; --smush-placeholder-aspect-ratio: 976\/922;\" \/><p id=\"caption-attachment-5311\" class=\"wp-caption-text\">\u00a9Ville de Marseille<\/p><\/div>\n<h2>Les immanquables du No\u00ebl marseillais<\/h2>\n<p><strong>LA FOIRE AUX SANTONS\u00a0 et <\/strong><strong>LE VILLAGE DES ENFANTS\u00a0<\/strong><\/p>\n<div id=\"attachment_5313\" style=\"width: 760px\" class=\"wp-caption aligncenter\"><img decoding=\"async\" aria-describedby=\"caption-attachment-5313\" class=\"wp-image-5313 size-full lazyload\" data-src=\"https:\/\/my-easy-access.com\/wp-content\/uploads\/2025\/12\/foire-santons3.jpg\" alt=\"La foire aux Santons\" width=\"750\" height=\"500\" data-srcset=\"https:\/\/my-easy-access.com\/wp-content\/uploads\/2025\/12\/foire-santons3.jpg 750w, https:\/\/my-easy-access.com\/wp-content\/uploads\/2025\/12\/foire-santons3-480x320.jpg 480w\" data-sizes=\"(min-width: 0px) and (max-width: 480px) 480px, (min-width: 481px) 750px, 100vw\" src=\"data:image\/svg+xml;base64,PHN2ZyB3aWR0aD0iMSIgaGVpZ2h0PSIxIiB4bWxucz0iaHR0cDovL3d3dy53My5vcmcvMjAwMC9zdmciPjwvc3ZnPg==\" style=\"--smush-placeholder-width: 750px; --smush-placeholder-aspect-ratio: 750\/500;\" \/><p id=\"caption-attachment-5313\" class=\"wp-caption-text\">\u00a9Ville de Marseille<\/p><\/div>\n<p><strong>Tous les espaces d\u00e9di\u00e9s aux ateliers, aux animations (chalets) et les food-trucks sont accessibles aux PMR et UFR\u00a0<\/strong><\/p>\n<p><strong>PATINOIRE &#8211; dispositif inclusif : mise \u00e0 disposition de deux supports d&rsquo;accueil pour fauteuils roulants (LUGIGLACE)<\/strong><br \/>\nVieux-Port, Quai de la Fraternit\u00e9 (2e)<\/p>\n<p><strong>Lieu accessible PMR<\/strong><\/p>\n<p>\u2022 Transports en commun : lignes 49, 55 et 60 arr\u00eat \u00ab\u00a0Vieux-Port\u00a0\u00bb, ligne 82S et 83 arr\u00eat \u00ab\u00a0Vieux-Port\u00a0\u00bb, Tramway T3 arr\u00eat \u00ab\u00a0Cours Saint Louis\u00a0\u00bb (+6 min de marche environ)<br \/>\n\u2022 Parkings \u00e0 proximit\u00e9 : \u00a0parking Indigo Marseille Charles de Gaulle (7-15 place G\u00e9n\u00e9ral de Gaulle, 13001 &#8211; 09 73 72 33 13, indigoneo.fr), parking Vinci Park Services (22 boulevard Charles N\u00e9d\u00e9lec, 13001 &#8211; 04 91 33 97 20)<\/p>\n<p><strong>CONTACT : <\/strong>Service handicap : 04 91 55 92 44 ou handicap@marseille.fr<br \/>\nDu lundi au vendredi de 9h \u00e0 12h et de 14h \u00e0 16h30<br \/>\nAll\u00f4 Mairie 3013 (appel gratuit)<\/p>\n<div id=\"attachment_5315\" style=\"width: 1610px\" class=\"wp-caption aligncenter\"><img decoding=\"async\" aria-describedby=\"caption-attachment-5315\" class=\"wp-image-5315 size-full lazyload\" data-src=\"https:\/\/my-easy-access.com\/wp-content\/uploads\/2025\/12\/Village-des-enfants.jpeg\" alt=\"Village des enfants Marseille Noel\" width=\"1600\" height=\"1067\" data-srcset=\"https:\/\/my-easy-access.com\/wp-content\/uploads\/2025\/12\/Village-des-enfants.jpeg 1600w, https:\/\/my-easy-access.com\/wp-content\/uploads\/2025\/12\/Village-des-enfants-1280x854.jpeg 1280w, https:\/\/my-easy-access.com\/wp-content\/uploads\/2025\/12\/Village-des-enfants-980x654.jpeg 980w, https:\/\/my-easy-access.com\/wp-content\/uploads\/2025\/12\/Village-des-enfants-480x320.jpeg 480w\" data-sizes=\"(min-width: 0px) and (max-width: 480px) 480px, (min-width: 481px) and (max-width: 980px) 980px, (min-width: 981px) and (max-width: 1280px) 1280px, (min-width: 1281px) 1600px, 100vw\" src=\"data:image\/svg+xml;base64,PHN2ZyB3aWR0aD0iMSIgaGVpZ2h0PSIxIiB4bWxucz0iaHR0cDovL3d3dy53My5vcmcvMjAwMC9zdmciPjwvc3ZnPg==\" style=\"--smush-placeholder-width: 1600px; --smush-placeholder-aspect-ratio: 1600\/1067;\" \/><p id=\"caption-attachment-5315\" class=\"wp-caption-text\">\u00a9Ville de Marseille<\/p><\/div>\n<p><strong>Le programme et toutes les infos sont sur le <span style=\"color: #0000ff;\"><a style=\"color: #0000ff;\" href=\"https:\/\/www.marseille.fr\/decouvrir-marseille\/actualites\/noel-marseillais\" target=\"_blank\" rel=\"noopener\">site d\u00e9di\u00e9 de la ville de Marseille.\u00a0<\/a><\/span><\/strong><\/p>\n<p><strong>Accessibilit\u00e9 PMR, t\u00e9l\u00e9chargez notre o<\/strong><strong>util pratique, l&rsquo;<\/strong>pplication <strong>MyEasyAccess<\/strong> pour itin\u00e9raires adapt\u00e9s. <strong>\u00c0 t\u00e9l\u00e9charger sur <span style=\"color: #0000ff;\"><a style=\"color: #0000ff;\" href=\"https:\/\/play.google.com\/store\/apps\/details?id=fr.andyamo.myeasyaccess\" target=\"_blank\" rel=\"noopener\">Google Play<\/a><\/span> ou sur <span style=\"color: #0000ff;\"><a style=\"color: #0000ff;\" href=\"https:\/\/apps.apple.com\/us\/app\/my-easy-access\/id6741314678\" target=\"_blank\" rel=\"noopener\">l&rsquo;App Store<\/a><\/span>.<\/strong><\/p>\n<p><strong>Dans les d\u00e9tails :<\/strong><\/p>\n<p><strong>LANCEMENT DES ILLUMINATIONS ET MINI-CONCERT DE ANA\u00cfS DELVA<\/strong><br \/>\nSamedi 29 novembre 2025 \u2013 H\u00f4tel de Ville, Quai du Port (2e)<\/p>\n<p><strong><u>Transports \/ arriv\u00e9e sur site<\/u><\/strong><\/p>\n<p>\u2022 Transports en commun\u00a0:<br \/>\nM\u00e9tro M1 arr\u00eat \u00ab Vieux-Port \u00bb (6 minutes \u00e0 pied) ;<br \/>\nTramway T1 arr\u00eat \u00ab Noailles \u00bb (12 minutes \u00e0 pied du lieu de l\u2019\u00e9v\u00e8nement)\u00a0;<br \/>\nTramway T2 et T3 arr\u00eat \u00ab Sadi Carnot \u00bb (7 minutes \u00e0 pied)\u00a0;<br \/>\nLignes de bus arr\u00eat \u00ab M\u00e9tro Vieux-Port \u00bb (\u00e0 5 minutes \u00e0 pied).<\/p>\n<p><strong><u>D\u00e9pose minute et stationnement<\/u><\/strong><\/p>\n<p>\u2022 Parkings \u00e0 proximit\u00e9\u00a0: parking public Q Park Vieux-Port centre-ville (place Jules Verne \/ passage Pentecontore \u2013 13002 Marseille 04 91 91 91 00 www.q-park.fr)\u00a0; Vinci Park Services Bourse<br \/>\n\u2022 Places de stationnement PMR dans la rue de la Loge (sur pr\u00e9sentation d\u2019une carte CMI)<br \/>\n\u2022 D\u00e9pose minute au 20 rue de la Loge<\/p>\n<p><strong><u>Accueil sur site et dispositifs inclusifs<\/u><\/strong><\/p>\n<p>\u2022 Accueil des personnes \u00e0 besoins sp\u00e9cifiques par des volontaires sensibilis\u00e9s pour le lancement des illuminations et le mini-concert de Ana\u00efs Delva<br \/>\n\u2022 Accueil des personnes \u00e0 besoins sp\u00e9cifiques par des bin\u00f4mes de volontaires pr\u00e9sents sur chaque entr\u00e9e de plateaux du Village des Enfants et en d\u00e9ambulation pour informer et orienter les publics<br \/>\n\u2022 Mise \u00e0 disposition de gilets vibrants pour le mini-concert de Ana\u00efs Delva<\/p>\n<p><strong><u>Espace d\u00e9di\u00e9 aux personnes \u00e0 mobilit\u00e9 r\u00e9duite \/ besoins sp\u00e9cifiques<\/u><\/strong><\/p>\n<p>\u2022 Lancement des illuminations\u00a0: espace pour les personnes en fauteuils roulants \u00e0 l\u2019entr\u00e9e du Village des Enfants (place Bargemon)<br \/>\n\u2022 Mini-concert de Ana\u00efs Delva\u00a0: espace PMR pour les personnes en fauteuils roulants\u00a0; mise \u00e0 disposition de chaises pour les accompagnateurs et les personnes avec une station debout difficile, ou pr\u00e9sentant un besoin sp\u00e9cifique<\/p>\n<p>Pour des raisons de s\u00e9curit\u00e9, une fois la jauge maximale de fauteuils atteinte sur l\u2019espace PMR pr\u00e9vu, un second espace sera ouvert au niveau de l\u2019entr\u00e9e du Village des Enfants sur la place Bargemon.<\/p>\n<p><strong>SPECTACLE \u00ab\u00a0ARIA\u00a0\u00bb BALLET AERIEN PAR LA COMPAGNIE ZENIT<\/strong><br \/>\nSamedi 13 d\u00e9cembre 2025 \u2013 H\u00f4tel de Ville, Quai du Port (2e)<\/p>\n<div id=\"attachment_5310\" style=\"width: 778px\" class=\"wp-caption aligncenter\"><img decoding=\"async\" aria-describedby=\"caption-attachment-5310\" class=\"wp-image-5310 size-full lazyload\" data-src=\"https:\/\/my-easy-access.com\/wp-content\/uploads\/2025\/12\/Aria.png\" alt=\"Spectacle Aria Marseille Noel\" width=\"768\" height=\"529\" data-srcset=\"https:\/\/my-easy-access.com\/wp-content\/uploads\/2025\/12\/Aria.png 768w, https:\/\/my-easy-access.com\/wp-content\/uploads\/2025\/12\/Aria-480x331.png 480w\" data-sizes=\"(min-width: 0px) and (max-width: 480px) 480px, (min-width: 481px) 768px, 100vw\" src=\"data:image\/svg+xml;base64,PHN2ZyB3aWR0aD0iMSIgaGVpZ2h0PSIxIiB4bWxucz0iaHR0cDovL3d3dy53My5vcmcvMjAwMC9zdmciPjwvc3ZnPg==\" style=\"--smush-placeholder-width: 768px; --smush-placeholder-aspect-ratio: 768\/529;\" \/><p id=\"caption-attachment-5310\" class=\"wp-caption-text\">\u00a9Ville de Marseille<\/p><\/div>\n<p><strong><u>Transports \/ arriv\u00e9e sur site<\/u><\/strong><\/p>\n<p>\u2022 Transports en commun\u00a0:<br \/>\nM\u00e9tro M1 arr\u00eat \u00ab Vieux-Port \u00bb (6 minutes \u00e0 pied) ;<br \/>\nTramway T1 arr\u00eat \u00ab Noailles \u00bb (12 minutes \u00e0 pied du lieu de l\u2019\u00e9v\u00e8nement)\u00a0;<br \/>\nTramway T2 et T3 arr\u00eat \u00ab Sadi Carnot \u00bb (7 minutes \u00e0 pied)\u00a0;<br \/>\nLignes de bus arr\u00eat \u00ab M\u00e9tro Vieux-Port \u00bb (\u00e0 5 minutes \u00e0 pied).<\/p>\n<p><strong><u>D\u00e9pose minute et stationnement<\/u><\/strong><\/p>\n<p>\u2022 Parkings \u00e0 proximit\u00e9\u00a0: parking public Q Park Vieux-Port centre-ville (place Jules Verne \/ passage Pentecontore \u2013 13002 Marseille 04 91 91 91 00 www.q-park.fr)\u00a0; Vinci Park Services Bourse<br \/>\n\u2022 Places de stationnement PMR dans la rue de la Loge (sur pr\u00e9sentation d\u2019une carte CMI)<br \/>\n\u2022 D\u00e9pose minute au 20 rue de la Loge<\/p>\n<p><strong><u>Accueil sur site et dispositifs inclusifs<\/u><\/strong><\/p>\n<p>\u2022 Accueil des personnes \u00e0 besoins sp\u00e9cifiques par des volontaires sensibilis\u00e9s<\/p>\n<p><strong><u>Espace d\u00e9di\u00e9 aux personnes \u00e0 mobilit\u00e9 r\u00e9duite \/ besoins sp\u00e9cifiques<\/u><\/strong><\/p>\n<p>\u2022 Espace PMR pour les personnes en fauteuils roulants<br \/>\n\u2022 Mise \u00e0 disposition de chaises pour les accompagnateurs et les personnes avec une station debout difficile, ou pr\u00e9sentant un besoin sp\u00e9cifique<\/p>\n<p>Pour des raisons de s\u00e9curit\u00e9, une fois la jauge maximale de fauteuils atteinte sur l\u2019espace PMR pr\u00e9vu, un second espace sera ouvert au niveau de l\u2019entr\u00e9e du Village des Enfants sur la place Bargemon.<\/p>\n<p><strong>CONCERT FAMILIAL \u00ab\u00a0GOSPEL PHILHARMONIC EXPERIENCE\u00a0\u00bb\u00a0<\/strong><br \/>\n<strong>SPECTACLE DE DRONES ET FEU D\u2019ARTIFICES<\/strong><br \/>\nSamedi 20 d\u00e9cembre 2025 \u2013 Vieux-Port, Quai de la Fraternit\u00e9 (2e)<\/p>\n<p><strong><u>Transports \/ arriv\u00e9e sur site<\/u><\/strong><\/p>\n<p>\u2022 Transports en commun\u00a0:<br \/>\nM\u00e9tro M1 arr\u00eat \u00ab Vieux-Port \u00bb\u00a0;<br \/>\nTramway T1 arr\u00eat \u00ab Noailles \u00bb (7 minutes \u00e0 pied du lieu de l\u2019\u00e9v\u00e8nement)\u00a0;<br \/>\nTramway T2 arr\u00eat \u00ab\u00a0Canebi\u00e8re Capucins\u00a0\u00bb (6 minutes \u00e0 pied) et T3 arr\u00eat \u00ab Cours Saint Louis \u00bb (5 minutes \u00e0 pied).<\/p>\n<p><strong><u>D\u00e9pose minute et stationnement<\/u><\/strong><\/p>\n<p>\u2022 Parkings \u00e0 proximit\u00e9\u00a0: parking Indigo Marseille Charles de Gaulle (7-15 place G\u00e9n\u00e9ral de Gaulle, 13001 &#8211; 09 73 72 33 13, indigoneo.fr), parking Vinci Park Services (22 boulevard Charles N\u00e9d\u00e9lec, 13001 &#8211; 04 91 33 97 20)<br \/>\n\u2022 Places de stationnement PMR dans la rue de la Loge (sur pr\u00e9sentation d\u2019une carte CMI)<br \/>\n\u2022 D\u00e9pose minute en bas de la rue de la R\u00e9publique (sur pr\u00e9sentation au niveau de la jonction Place Sadi Carnot\u00a0\/ rue de la R\u00e9publique d\u2019une carte CMI)<\/p>\n<p><strong><u>Accueil sur site et dispositifs inclusifs<\/u><\/strong><\/p>\n<p>\u2022 Accueil des personnes \u00e0 besoins sp\u00e9cifiques par des volontaires sensibilis\u00e9s au niveau de l\u2019accueil de la Patinoire<br \/>\n\u2022 Mise \u00e0 disposition de gilets vibrants pour le Concert familial \u00ab\u00a0Gospel Philharmonic Experience\u00a0\u00bb<\/p>\n<p><strong><u>Espace d\u00e9di\u00e9 aux personnes \u00e0 mobilit\u00e9 r\u00e9duite \/ besoins sp\u00e9cifiques<\/u><\/strong><\/p>\n<p>\u2022 Espace pour les personnes en fauteuils roulants face \u00e0 la sc\u00e8ne lors du Concert familial \u00ab\u00a0Gospel Philharmonic Experience\u00a0\u00bb\u00a0et du Spectacle de drones et feu d\u2019artifice<br \/>\n\u2022 Mise \u00e0 disposition de chaises pour les accompagnateurs et les personnes avec une station debout difficile, ou pr\u00e9sentant un besoin sp\u00e9cifique<\/p>\n<p>Pour des raisons de s\u00e9curit\u00e9, une fois la jauge maximale de fauteuils atteinte sur l\u2019espace PMR pr\u00e9vu, un second espace sera ouvert au niveau de la patinoire.<\/p>\n<div id=\"attachment_5314\" style=\"width: 1610px\" class=\"wp-caption aligncenter\"><img decoding=\"async\" aria-describedby=\"caption-attachment-5314\" class=\"wp-image-5314 size-full lazyload\" data-src=\"https:\/\/my-easy-access.com\/wp-content\/uploads\/2025\/12\/Marche-de-noel.jpeg\" alt=\"Marche de noel Marseille Noel\" width=\"1600\" height=\"1066\" data-srcset=\"https:\/\/my-easy-access.com\/wp-content\/uploads\/2025\/12\/Marche-de-noel.jpeg 1600w, https:\/\/my-easy-access.com\/wp-content\/uploads\/2025\/12\/Marche-de-noel-1280x853.jpeg 1280w, https:\/\/my-easy-access.com\/wp-content\/uploads\/2025\/12\/Marche-de-noel-980x653.jpeg 980w, https:\/\/my-easy-access.com\/wp-content\/uploads\/2025\/12\/Marche-de-noel-480x320.jpeg 480w\" data-sizes=\"(min-width: 0px) and (max-width: 480px) 480px, (min-width: 481px) and (max-width: 980px) 980px, (min-width: 981px) and (max-width: 1280px) 1280px, (min-width: 1281px) 1600px, 100vw\" src=\"data:image\/svg+xml;base64,PHN2ZyB3aWR0aD0iMSIgaGVpZ2h0PSIxIiB4bWxucz0iaHR0cDovL3d3dy53My5vcmcvMjAwMC9zdmciPjwvc3ZnPg==\" style=\"--smush-placeholder-width: 1600px; --smush-placeholder-aspect-ratio: 1600\/1066;\" \/><p id=\"caption-attachment-5314\" class=\"wp-caption-text\">\u00a9Ville de Marseille<\/p><\/div>\n","protected":false},"excerpt":{"rendered":"<p>Du Vieux-Port \u00e0 la Canebi\u00e8re, la cit\u00e9 phoc\u00e9enne se pare de mille feux pour c\u00e9l\u00e9brer No\u00ebl. Entre march\u00e9s artisanaux, foire aux santons et spectacles a\u00e9riens, Marseille promet une fin d\u2019ann\u00e9e magique, inclusive et solidaire.<\/p>\n","protected":false},"author":10,"featured_media":5312,"template":"","meta":{"_acf_changed":false,"_et_pb_use_builder":"","_et_pb_old_content":"","_et_gb_content_width":"","inline_featured_image":false,"cybocfi_hide_featured_image":"","_tribe_events_status":"","_tribe_events_status_reason":"","footnotes":""},"tags":[66,61],"tribe_events_cat":[29],"class_list":["post-5307","tribe_events","type-tribe_events","status-publish","has-post-thumbnail","hentry","tag-evenements-a-marseille","tag-marseille_sedivertir","tribe_events_cat-marseille","cat_marseille"],"acf":[],"_links":{"self":[{"href":"https:\/\/my-easy-access.com\/index.php?rest_route=\/wp\/v2\/tribe_events\/5307","targetHints":{"allow":["GET"]}}],"collection":[{"href":"https:\/\/my-easy-access.com\/index.php?rest_route=\/wp\/v2\/tribe_events"}],"about":[{"href":"https:\/\/my-easy-access.com\/index.php?rest_route=\/wp\/v2\/types\/tribe_events"}],"author":[{"embeddable":true,"href":"https:\/\/my-easy-access.com\/index.php?rest_route=\/wp\/v2\/users\/10"}],"version-history":[{"count":6,"href":"https:\/\/my-easy-access.com\/index.php?rest_route=\/wp\/v2\/tribe_events\/5307\/revisions"}],"predecessor-version":[{"id":5319,"href":"https:\/\/my-easy-access.com\/index.php?rest_route=\/wp\/v2\/tribe_events\/5307\/revisions\/5319"}],"wp:featuredmedia":[{"embeddable":true,"href":"https:\/\/my-easy-access.com\/index.php?rest_route=\/wp\/v2\/media\/5312"}],"wp:attachment":[{"href":"https:\/\/my-easy-access.com\/index.php?rest_route=%2Fwp%2Fv2%2Fmedia&parent=5307"}],"wp:term":[{"taxonomy":"post_tag","embeddable":true,"href":"https:\/\/my-easy-access.com\/index.php?rest_route=%2Fwp%2Fv2%2Ftags&post=5307"},{"taxonomy":"tribe_events_cat","embeddable":true,"href":"https:\/\/my-easy-access.com\/index.php?rest_route=%2Fwp%2Fv2%2Ftribe_events_cat&post=5307"}],"curies":[{"name":"wp","href":"https:\/\/api.w.org\/{rel}","templated":true}]}}